{"id":19815,"date":"2026-04-01T17:02:02","date_gmt":"2026-04-01T15:02:02","guid":{"rendered":"https:\/\/www.perfume-week.com\/?post_type=events&#038;p=19815"},"modified":"2026-04-01T17:02:05","modified_gmt":"2026-04-01T15:02:05","slug":"invitation-exclusive-decouvrez-lart-du-scent-layering-avec-jo-malone-london","status":"publish","type":"events","link":"https:\/\/www.perfume-week.com\/en\/events\/invitation-exclusive-decouvrez-lart-du-scent-layering-avec-jo-malone-london\/","title":{"rendered":"Invitation exclusive : d\u00e9couvrez l\u2019art du Scent Layering avec Jo Malone London"},"content":{"rendered":"\n<p>Jo Malone London vous invite \u00e0 explorer l\u2019art du Scent Layering (la combinaison de parfums) dans sa nouvelle boutique du Marais.<\/p>\n\n\n\n<p>\u00c0 cette occasion, laissez-vous s\u00e9duire par ses cr\u00e9ations parfum\u00e9es \u2014 parfums, soins pour le corps et bougies et profitez d\u2019une consultation olfactive personnalis\u00e9e, pens\u00e9e pour r\u00e9v\u00e9ler votre signature unique.<\/p>\n\n\n\n<p>Une attention parfum\u00e9e vous sera offerte lors de votre visite hors-les-murs.<\/p>\n\n\n\n<p><strong>R\u00e9servation :<\/strong> au +33 1 84 81 02 13<\/p>\n","protected":false},"excerpt":{"rendered":"<p>Jo Malone London vous invite \u00e0 explorer l\u2019art du Scent Layering (la combinaison de parfums) dans sa nouvelle boutique du Marais. \u00c0 cette occasion, laissez-vous s\u00e9duire par ses cr\u00e9ations parfum\u00e9es \u2014 parfums, soins pour le corps et bougies et profitez d\u2019une consultation olfactive personnalis\u00e9e, pens\u00e9e pour r\u00e9v\u00e9ler votre signature unique. Une attention parfum\u00e9e vous sera [&hellip;]<\/p>\n","protected":false},"author":21,"featured_media":0,"template":"","tags":[],"annee":[165],"pw_dates":[],"event-types":[48],"ville":[106],"class_list":["post-19815","events","type-events","status-publish","hentry","annee-165","event-types-hors-les-murs","ville-paris"],"acf":[],"yoast_head":"<!-- This site is optimized with the Yoast SEO plugin v27.5 - https:\/\/yoast.com\/product\/yoast-seo-wordpress\/ -->\n<title>Invitation exclusive : d\u00e9couvrez l\u2019art du Scent Layering avec Jo Malone London - Perfume Week, by Nez<\/title>\n<meta name=\"robots\" content=\"noindex, follow\" \/>\n<meta property=\"og:locale\" content=\"en_US\" \/>\n<meta property=\"og:type\" content=\"article\" \/>\n<meta property=\"og:title\" content=\"Invitation exclusive : d\u00e9couvrez l\u2019art du Scent Layering avec Jo Malone London - Perfume Week, by Nez\" \/>\n<meta property=\"og:description\" content=\"Jo Malone London vous invite \u00e0 explorer l\u2019art du Scent Layering (la combinaison de parfums) dans sa nouvelle boutique du Marais. \u00c0 cette occasion, laissez-vous s\u00e9duire par ses cr\u00e9ations parfum\u00e9es \u2014 parfums, soins pour le corps et bougies et profitez d\u2019une consultation olfactive personnalis\u00e9e, pens\u00e9e pour r\u00e9v\u00e9ler votre signature unique. Une attention parfum\u00e9e vous sera [&hellip;]\" \/>\n<meta property=\"og:url\" content=\"https:\/\/www.perfume-week.com\/en\/events\/invitation-exclusive-decouvrez-lart-du-scent-layering-avec-jo-malone-london\/\" \/>\n<meta property=\"og:site_name\" content=\"Perfume Week, by Nez\" \/>\n<meta property=\"article:publisher\" content=\"https:\/\/facebook.com\/nezarevue\" \/>\n<meta property=\"article:modified_time\" content=\"2026-04-01T15:02:05+00:00\" \/>\n<meta property=\"og:image\" content=\"https:\/\/www.perfume-week.com\/wp-content\/uploads\/2025\/07\/IMAGE_PARIS_PERFUME_WEEK_26_LIGHT.jpg\" \/>\n\t<meta property=\"og:image:width\" content=\"1000\" \/>\n\t<meta property=\"og:image:height\" content=\"707\" \/>\n\t<meta property=\"og:image:type\" content=\"image\/jpeg\" \/>\n<meta name=\"twitter:card\" content=\"summary_large_image\" \/>\n<meta name=\"twitter:label1\" content=\"Est. reading time\" \/>\n\t<meta name=\"twitter:data1\" content=\"1 minute\" \/>\n<script type=\"application\/ld+json\" class=\"yoast-schema-graph\">{\"@context\":\"https:\\\/\\\/schema.org\",\"@graph\":[{\"@type\":\"WebPage\",\"@id\":\"https:\\\/\\\/www.perfume-week.com\\\/en\\\/events\\\/invitation-exclusive-decouvrez-lart-du-scent-layering-avec-jo-malone-london\\\/\",\"url\":\"https:\\\/\\\/www.perfume-week.com\\\/en\\\/events\\\/invitation-exclusive-decouvrez-lart-du-scent-layering-avec-jo-malone-london\\\/\",\"name\":\"Invitation exclusive : d\u00e9couvrez l\u2019art du Scent Layering avec Jo Malone London - Perfume Week, by Nez\",\"isPartOf\":{\"@id\":\"https:\\\/\\\/www.perfume-week.com\\\/en\\\/#website\"},\"datePublished\":\"2026-04-01T15:02:02+00:00\",\"dateModified\":\"2026-04-01T15:02:05+00:00\",\"breadcrumb\":{\"@id\":\"https:\\\/\\\/www.perfume-week.com\\\/en\\\/events\\\/invitation-exclusive-decouvrez-lart-du-scent-layering-avec-jo-malone-london\\\/#breadcrumb\"},\"inLanguage\":\"en-US\",\"potentialAction\":[{\"@type\":\"ReadAction\",\"target\":[\"https:\\\/\\\/www.perfume-week.com\\\/en\\\/events\\\/invitation-exclusive-decouvrez-lart-du-scent-layering-avec-jo-malone-london\\\/\"]}]},{\"@type\":\"BreadcrumbList\",\"@id\":\"https:\\\/\\\/www.perfume-week.com\\\/en\\\/events\\\/invitation-exclusive-decouvrez-lart-du-scent-layering-avec-jo-malone-london\\\/#breadcrumb\",\"itemListElement\":[{\"@type\":\"ListItem\",\"position\":1,\"name\":\"Accueil\",\"item\":\"https:\\\/\\\/www.perfume-week.com\\\/en\\\/\"},{\"@type\":\"ListItem\",\"position\":2,\"name\":\"\u00c9v\u00e9nements\",\"item\":\"https:\\\/\\\/www.perfume-week.com\\\/en\\\/events\\\/\"},{\"@type\":\"ListItem\",\"position\":3,\"name\":\"Invitation exclusive : d\u00e9couvrez l\u2019art du Scent Layering avec Jo Malone London\"}]},{\"@type\":\"WebSite\",\"@id\":\"https:\\\/\\\/www.perfume-week.com\\\/en\\\/#website\",\"url\":\"https:\\\/\\\/www.perfume-week.com\\\/en\\\/\",\"name\":\"Paris Perfume Week, by Nez\",\"description\":\"The international gathering for perfume and olfactory culture, by Nez\",\"publisher\":{\"@id\":\"https:\\\/\\\/www.perfume-week.com\\\/en\\\/#organization\"},\"potentialAction\":[{\"@type\":\"SearchAction\",\"target\":{\"@type\":\"EntryPoint\",\"urlTemplate\":\"https:\\\/\\\/www.perfume-week.com\\\/en\\\/?s={search_term_string}\"},\"query-input\":{\"@type\":\"PropertyValueSpecification\",\"valueRequired\":true,\"valueName\":\"search_term_string\"}}],\"inLanguage\":\"en-US\"},{\"@type\":\"Organization\",\"@id\":\"https:\\\/\\\/www.perfume-week.com\\\/en\\\/#organization\",\"name\":\"Le rendez-vous international du parfum et de la culture olfactive, by Nez\",\"url\":\"https:\\\/\\\/www.perfume-week.com\\\/en\\\/\",\"logo\":{\"@type\":\"ImageObject\",\"inLanguage\":\"en-US\",\"@id\":\"https:\\\/\\\/www.perfume-week.com\\\/en\\\/#\\\/schema\\\/logo\\\/image\\\/\",\"url\":\"https:\\\/\\\/www.perfume-week.com\\\/wp-content\\\/uploads\\\/2023\\\/12\\\/PARIS_PERFUME_WEEK_BLANC-1.svg\",\"contentUrl\":\"https:\\\/\\\/www.perfume-week.com\\\/wp-content\\\/uploads\\\/2023\\\/12\\\/PARIS_PERFUME_WEEK_BLANC-1.svg\",\"width\":493,\"height\":262,\"caption\":\"Le rendez-vous international du parfum et de la culture olfactive, by Nez\"},\"image\":{\"@id\":\"https:\\\/\\\/www.perfume-week.com\\\/en\\\/#\\\/schema\\\/logo\\\/image\\\/\"},\"sameAs\":[\"https:\\\/\\\/facebook.com\\\/nezarevue\",\"https:\\\/\\\/www.instagram.com\\\/perfumeweek\"]}]}<\/script>\n<!-- \/ Yoast SEO plugin. -->","yoast_head_json":{"title":"Invitation exclusive : d\u00e9couvrez l\u2019art du Scent Layering avec Jo Malone London - Perfume Week, by Nez","robots":{"index":"noindex","follow":"follow"},"og_locale":"en_US","og_type":"article","og_title":"Invitation exclusive : d\u00e9couvrez l\u2019art du Scent Layering avec Jo Malone London - Perfume Week, by Nez","og_description":"Jo Malone London vous invite \u00e0 explorer l\u2019art du Scent Layering (la combinaison de parfums) dans sa nouvelle boutique du Marais. \u00c0 cette occasion, laissez-vous s\u00e9duire par ses cr\u00e9ations parfum\u00e9es \u2014 parfums, soins pour le corps et bougies et profitez d\u2019une consultation olfactive personnalis\u00e9e, pens\u00e9e pour r\u00e9v\u00e9ler votre signature unique. Une attention parfum\u00e9e vous sera [&hellip;]","og_url":"https:\/\/www.perfume-week.com\/en\/events\/invitation-exclusive-decouvrez-lart-du-scent-layering-avec-jo-malone-london\/","og_site_name":"Perfume Week, by Nez","article_publisher":"https:\/\/facebook.com\/nezarevue","article_modified_time":"2026-04-01T15:02:05+00:00","og_image":[{"width":1000,"height":707,"url":"https:\/\/www.perfume-week.com\/wp-content\/uploads\/2025\/07\/IMAGE_PARIS_PERFUME_WEEK_26_LIGHT.jpg","type":"image\/jpeg"}],"twitter_card":"summary_large_image","twitter_misc":{"Est. reading time":"1 minute"},"schema":{"@context":"https:\/\/schema.org","@graph":[{"@type":"WebPage","@id":"https:\/\/www.perfume-week.com\/en\/events\/invitation-exclusive-decouvrez-lart-du-scent-layering-avec-jo-malone-london\/","url":"https:\/\/www.perfume-week.com\/en\/events\/invitation-exclusive-decouvrez-lart-du-scent-layering-avec-jo-malone-london\/","name":"Invitation exclusive : d\u00e9couvrez l\u2019art du Scent Layering avec Jo Malone London - Perfume Week, by Nez","isPartOf":{"@id":"https:\/\/www.perfume-week.com\/en\/#website"},"datePublished":"2026-04-01T15:02:02+00:00","dateModified":"2026-04-01T15:02:05+00:00","breadcrumb":{"@id":"https:\/\/www.perfume-week.com\/en\/events\/invitation-exclusive-decouvrez-lart-du-scent-layering-avec-jo-malone-london\/#breadcrumb"},"inLanguage":"en-US","potentialAction":[{"@type":"ReadAction","target":["https:\/\/www.perfume-week.com\/en\/events\/invitation-exclusive-decouvrez-lart-du-scent-layering-avec-jo-malone-london\/"]}]},{"@type":"BreadcrumbList","@id":"https:\/\/www.perfume-week.com\/en\/events\/invitation-exclusive-decouvrez-lart-du-scent-layering-avec-jo-malone-london\/#breadcrumb","itemListElement":[{"@type":"ListItem","position":1,"name":"Accueil","item":"https:\/\/www.perfume-week.com\/en\/"},{"@type":"ListItem","position":2,"name":"\u00c9v\u00e9nements","item":"https:\/\/www.perfume-week.com\/en\/events\/"},{"@type":"ListItem","position":3,"name":"Invitation exclusive : d\u00e9couvrez l\u2019art du Scent Layering avec Jo Malone London"}]},{"@type":"WebSite","@id":"https:\/\/www.perfume-week.com\/en\/#website","url":"https:\/\/www.perfume-week.com\/en\/","name":"Paris Perfume Week, by Nez","description":"The international gathering for perfume and olfactory culture, by Nez","publisher":{"@id":"https:\/\/www.perfume-week.com\/en\/#organization"},"potentialAction":[{"@type":"SearchAction","target":{"@type":"EntryPoint","urlTemplate":"https:\/\/www.perfume-week.com\/en\/?s={search_term_string}"},"query-input":{"@type":"PropertyValueSpecification","valueRequired":true,"valueName":"search_term_string"}}],"inLanguage":"en-US"},{"@type":"Organization","@id":"https:\/\/www.perfume-week.com\/en\/#organization","name":"Le rendez-vous international du parfum et de la culture olfactive, by Nez","url":"https:\/\/www.perfume-week.com\/en\/","logo":{"@type":"ImageObject","inLanguage":"en-US","@id":"https:\/\/www.perfume-week.com\/en\/#\/schema\/logo\/image\/","url":"https:\/\/www.perfume-week.com\/wp-content\/uploads\/2023\/12\/PARIS_PERFUME_WEEK_BLANC-1.svg","contentUrl":"https:\/\/www.perfume-week.com\/wp-content\/uploads\/2023\/12\/PARIS_PERFUME_WEEK_BLANC-1.svg","width":493,"height":262,"caption":"Le rendez-vous international du parfum et de la culture olfactive, by Nez"},"image":{"@id":"https:\/\/www.perfume-week.com\/en\/#\/schema\/logo\/image\/"},"sameAs":["https:\/\/facebook.com\/nezarevue","https:\/\/www.instagram.com\/perfumeweek"]}]}},"_links":{"self":[{"href":"https:\/\/www.perfume-week.com\/en\/wp-json\/wp\/v2\/events\/19815","targetHints":{"allow":["GET"]}}],"collection":[{"href":"https:\/\/www.perfume-week.com\/en\/wp-json\/wp\/v2\/events"}],"about":[{"href":"https:\/\/www.perfume-week.com\/en\/wp-json\/wp\/v2\/types\/events"}],"author":[{"embeddable":true,"href":"https:\/\/www.perfume-week.com\/en\/wp-json\/wp\/v2\/users\/21"}],"wp:attachment":[{"href":"https:\/\/www.perfume-week.com\/en\/wp-json\/wp\/v2\/media?parent=19815"}],"wp:term":[{"taxonomy":"post_tag","embeddable":true,"href":"https:\/\/www.perfume-week.com\/en\/wp-json\/wp\/v2\/tags?post=19815"},{"taxonomy":"annee","embeddable":true,"href":"https:\/\/www.perfume-week.com\/en\/wp-json\/wp\/v2\/annee?post=19815"},{"taxonomy":"pw_dates","embeddable":true,"href":"https:\/\/www.perfume-week.com\/en\/wp-json\/wp\/v2\/pw_dates?post=19815"},{"taxonomy":"event-types","embeddable":true,"href":"https:\/\/www.perfume-week.com\/en\/wp-json\/wp\/v2\/event-types?post=19815"},{"taxonomy":"ville","embeddable":true,"href":"https:\/\/www.perfume-week.com\/en\/wp-json\/wp\/v2\/ville?post=19815"}],"curies":[{"name":"wp","href":"https:\/\/api.w.org\/{rel}","templated":true}]}}